{"id":242,"date":"2019-07-20T15:54:48","date_gmt":"2019-07-20T13:54:48","guid":{"rendered":"http:\/\/aeti-unsa-bordeaux.org\/?page_id=242"},"modified":"2025-10-01T07:09:24","modified_gmt":"2025-10-01T05:09:24","slug":"lactu-64","status":"publish","type":"page","link":"https:\/\/aeti-unsa-bordeaux.org\/?page_id=242","title":{"rendered":"L&rsquo;actu 64"},"content":{"rendered":"\n<p class=\"has-large-font-size\">MOUVEMENT DU 2 OCTOBRE 2025<br><img loading=\"lazy\" width=\"1811\" height=\"2560\" class=\"wp-image-1854\" style=\"width: 900px;\" src=\"http:\/\/aeti-unsa-bordeaux.org\/wp-content\/uploads\/2025\/10\/Tract-2-10-25-Pau-Bayonne-scaled.jpg\" alt=\"\" srcset=\"https:\/\/aeti-unsa-bordeaux.org\/wp-content\/uploads\/2025\/10\/Tract-2-10-25-Pau-Bayonne-scaled.jpg 1811w, https:\/\/aeti-unsa-bordeaux.org\/wp-content\/uploads\/2025\/10\/Tract-2-10-25-Pau-Bayonne-212x300.jpg 212w, https:\/\/aeti-unsa-bordeaux.org\/wp-content\/uploads\/2025\/10\/Tract-2-10-25-Pau-Bayonne-724x1024.jpg 724w, https:\/\/aeti-unsa-bordeaux.org\/wp-content\/uploads\/2025\/10\/Tract-2-10-25-Pau-Bayonne-768x1086.jpg 768w, https:\/\/aeti-unsa-bordeaux.org\/wp-content\/uploads\/2025\/10\/Tract-2-10-25-Pau-Bayonne-1086x1536.jpg 1086w, https:\/\/aeti-unsa-bordeaux.org\/wp-content\/uploads\/2025\/10\/Tract-2-10-25-Pau-Bayonne-1448x2048.jpg 1448w, https:\/\/aeti-unsa-bordeaux.org\/wp-content\/uploads\/2025\/10\/Tract-2-10-25-Pau-Bayonne-600x848.jpg 600w\" sizes=\"(max-width: 1811px) 100vw, 1811px\" \/><br><a href=\"http:\/\/aeti-unsa-bordeaux.org\/wp-content\/uploads\/2025\/09\/Parcours-2-octobre-Pau-Bayonne.pdf\" target=\"_blank\" rel=\"noreferrer noopener\">Parcours Pau et Bayonne<\/a> <\/p>\n\n\n\n<p class=\"has-medium-font-size\">&#8212;&#8212;&#8212;&#8212;&#8212;&#8212;&#8212;&#8212;&#8212;&#8212;&#8212;&#8212;&#8212;&#8212;&#8212;&#8212;&#8212;&#8212;&#8212;&#8212;&#8212;&#8212;&#8212;&#8212;&#8212;&#8212;&#8212;&#8212;&#8212;&#8212;&#8212;&#8212;&#8212;&#8212;&#8212;&#8212;&#8212;&#8212;&#8211;<\/p>\n\n\n\n<p class=\"has-large-font-size\">MOUVEMENT DU 18 SEPTEMBRE 2025<\/p>\n\n\n\n<figure class=\"wp-block-image size-large\"><img src=\"http:\/\/aeti-unsa-bordeaux.org\/wp-content\/uploads\/2025\/09\/bayonne-68cbc91b692ff055256828.webp\" alt=\"\"\/><\/figure>\n\n\n\n<p class=\"has-medium-font-size\">&#8212;&#8212;&#8212;&#8212;&#8212;&#8212;&#8212;&#8212;&#8212;&#8212;&#8212;&#8212;&#8212;&#8212;&#8212;&#8212;&#8212;&#8212;&#8212;&#8212;&#8212;&#8212;&#8212;&#8212;&#8212;&#8212;&#8212;&#8212;&#8212;&#8212;&#8212;&#8212;&#8212;&#8212;&#8212;&#8212;&#8212;&#8212;&#8211;<\/p>\n\n\n\n<p class=\"has-large-font-size\"><a href=\"http:\/\/aeti-unsa-bordeaux.org\/wp-content\/uploads\/2024\/07\/courrier-SGA-recrutement-Pau.pdf\" target=\"_blank\" rel=\"noreferrer noopener\">Courrier au Rectorat du 11\/07\/24 sur les modalit\u00e9s de recrutement des secr\u00e9taires g\u00e9n\u00e9raux agents comptables<\/a><\/p>\n\n\n\n<p class=\"has-medium-font-size\">&#8212;&#8212;&#8212;&#8212;&#8212;&#8212;&#8212;&#8212;&#8212;&#8212;&#8212;&#8212;&#8212;&#8212;&#8212;&#8212;&#8212;&#8212;&#8212;&#8212;&#8212;&#8212;&#8212;&#8212;&#8212;&#8212;&#8212;&#8212;&#8212;&#8212;&#8212;&#8212;&#8212;&#8212;&#8212;&#8212;&#8212;&#8212;&#8211;<\/p>\n\n\n\n<p class=\"has-large-font-size\"> <strong>Commission d\u00e9partementale d&rsquo;action sociale du 19\/10\/2023  <\/strong>:<br>31 dossiers pour 22 750 \u20ac d&rsquo;aides<br>4 personnels de l&rsquo;enseignement priv\u00e9<\/p>\n\n\n\n<p class=\"has-large-font-size\">19 AED\/AESH<\/p>\n\n\n\n<p class=\"has-large-font-size\">3 agents titulaires <br>3 agents non titulaires<br>2 retrait\u00e9s  <\/p>\n\n\n\n<p class=\"has-medium-font-size\">&#8212;&#8212;&#8212;&#8212;&#8212;&#8212;&#8212;&#8212;&#8212;&#8212;&#8212;&#8212;&#8212;&#8212;&#8212;&#8212;&#8212;&#8212;&#8212;&#8212;&#8212;&#8212;&#8212;&#8212;&#8212;&#8212;&#8212;&#8212;&#8212;&#8212;&#8212;&#8212;&#8212;&#8212;&#8212;&#8212;&#8212;&#8212;&#8211;<\/p>\n\n\n\n<p class=\"has-large-font-size\"><strong>ACCUEIL DES NOUVEAUX PERSONNELS A L&rsquo;UPPA LE 31\/08\/23<\/strong><\/p>\n\n\n\n<figure class=\"wp-block-image size-large\"><img src=\"http:\/\/aeti-unsa-bordeaux.org\/wp-content\/uploads\/2023\/09\/accueil-nouveaux-64-31-8-23.jpg\" alt=\"\"\/><\/figure>\n\n\n\n<p class=\"has-medium-font-size\">&#8212;&#8212;&#8212;&#8212;&#8212;&#8212;&#8212;&#8212;&#8212;&#8212;&#8212;&#8212;&#8212;&#8212;&#8212;&#8212;&#8212;&#8212;&#8212;&#8212;&#8212;&#8212;&#8212;&#8212;&#8212;&#8212;&#8212;&#8212;&#8212;&#8212;&#8212;&#8212;&#8212;&#8212;&#8212;&#8212;&#8212;&#8212;&#8211;<\/p>\n\n\n\n<p class=\"has-large-font-size\"><strong>Conseil d&rsquo;administration du RIA Pau<\/strong> <strong>15\/09\/22<\/strong><\/p>\n\n\n\n<p class=\"has-medium-font-size\">Suite aux derni\u00e8res \u00e9lections des membres au conseil d&rsquo;administration du RIA, l&rsquo;UNSA va int\u00e9grer cette instance. Merci de  transmettre vos \u00e9ventuelles observations sur les repas pris au RIA, les aides vers\u00e9es par les administrations, les organismes conventionn\u00e9s ou toutes questions diverses que vous jugeriez utile avant le mercredi 14 septembre \u00e0 <a href=\"mailto:sd64@unsa-interieur.fr\">sd64@unsa-interieur.fr<\/a><\/p>\n\n\n\n<p class=\"has-medium-font-size\">&#8212;&#8212;&#8212;&#8212;&#8212;&#8212;&#8212;&#8212;&#8212;&#8212;&#8212;&#8212;&#8212;&#8212;&#8212;&#8212;&#8212;&#8212;&#8212;&#8212;&#8212;&#8212;&#8212;&#8212;&#8212;&#8212;&#8212;&#8212;&#8212;&#8212;&#8212;&#8212;&#8212;&#8212;&#8212;&#8212;&#8212;&#8212;&#8211;<\/p>\n\n\n\n<p class=\"has-large-font-size\"><strong>ACCUEIL DES NOUVEAUX PERSONNELS A L&rsquo;UPPA LE 30\/08\/22<\/strong><\/p>\n\n\n\n<figure class=\"wp-block-image size-large\"><img src=\"http:\/\/aeti-unsa-bordeaux.org\/wp-content\/uploads\/2022\/08\/accueil-nouveaux-64-30-8-22.jpg\" alt=\"\"\/><\/figure>\n\n\n\n<p>&#8212;&#8212;&#8212;&#8212;&#8212;&#8212;&#8212;&#8212;&#8212;&#8212;&#8212;&#8212;&#8212;&#8212;&#8212;&#8212;&#8212;&#8212;&#8212;&#8212;&#8212;&#8212;&#8212;&#8212;&#8212;&#8212;&#8212;&#8212;&#8212;&#8212;&#8212;&#8212;&#8212;&#8212;&#8212;&#8212;&#8212;&#8212;&#8211;<\/p>\n\n\n\n<p class=\"has-large-font-size\">Vote au conseil d&rsquo;administration du RIA le 30\/06 de 11h30 \u00e0 13h30<br>Pour tous les usagers du RIA, <a href=\"http:\/\/aeti-unsa-bordeaux.org\/wp-content\/uploads\/2022\/06\/elections-RIA-UNSA.pdf\" target=\"_blank\" rel=\"noreferrer noopener\">VOTEZ  ET FAITES VOTER UNSA<\/a><\/p>\n\n\n\n<p>&#8212;&#8212;&#8212;&#8212;&#8212;&#8212;&#8212;&#8212;&#8212;&#8212;&#8212;&#8212;&#8212;&#8212;&#8212;&#8212;&#8212;&#8212;&#8212;&#8212;&#8212;&#8212;&#8212;&#8212;&#8212;&#8212;&#8212;&#8212;&#8212;&#8212;&#8212;&#8212;&#8212;&#8212;&#8212;&#8212;&#8212;&#8212;&#8211;<\/p>\n\n\n\n<p class=\"has-large-font-size\"><strong>PERMANENCES UNSA-EDUCATION DSDEN 64<\/strong><br>Jeudi 5 mai de 13h \u00e0 14h en salle 302<br>Jeudi 12 mai de 13h \u00e0 14h en salle 302 <\/p>\n\n\n\n<p>&#8212;&#8212;&#8212;&#8212;&#8212;&#8212;&#8212;&#8212;&#8212;&#8212;&#8212;&#8212;&#8212;&#8212;&#8212;&#8212;&#8212;&#8212;&#8212;&#8212;&#8212;&#8212;&#8212;&#8212;&#8212;&#8212;&#8212;&#8212;&#8212;&#8212;&#8212;&#8212;&#8212;&#8212;&#8212;&#8212;&#8212;&#8212;&#8211;<\/p>\n\n\n\n<p class=\"has-luminous-vivid-orange-background-color has-background has-large-font-size\"><strong>GREVE DU 13 JANVIER<\/strong><\/p>\n\n\n\n<p class=\"has-luminous-vivid-orange-background-color has-background\"><em><strong>Forte de la diversit\u00e9 des m\u00e9tiers qu\u2019elle r\u00e9unit, l\u2019UNSA \u00c9ducation appelle l\u2019ensemble des personnels \u00e0 exprimer le ras-le-bol g\u00e9n\u00e9ralis\u00e9. <\/strong>Et \u00e0 le faire tous ensemble.<\/em> <br><em>Enseignant\u00b7es, \u00e9quipes de vie scolaire, personnels administratifs, de direction et d\u2019inspection, AESH, DDFPT, PsyEN, assistant\u00b7es de service social, m\u00e9decins et infirmier\u00b7es, personnels techniques (ITRF, TEN et ATEE), ATSEM, agents des coll\u00e8ges et des lyc\u00e9es, animateurs et animatrices du p\u00e9riscolaire, <strong>c\u2019est par l\u2019engagement de l\u2019ensemble des personnels, que depuis 2 ans le syst\u00e8me \u00e9ducatif tient le choc et fait face \u00e0 la pand\u00e9mie.<\/strong><\/em><\/p>\n\n\n\n<p class=\"has-luminous-vivid-orange-background-color has-background has-large-font-size\"><strong><span style=\"text-decoration: underline;\">RASSEMBLEMENTS :<\/span><\/strong><br>Pau &#8211; DSDEN : 11h<br>Bayonne -sous pr\u00e9fecture : 11h<\/p>\n\n\n\n<div class=\"wp-block-image\"><figure class=\"aligncenter size-large\"><img src=\"http:\/\/aeti-unsa-bordeaux.org\/wp-content\/uploads\/2022\/01\/Manifestation-13-1-22-Bayonne.jpg\" alt=\"\"\/><figcaption><strong>Sous-Pr\u00e9fecture de Bayonne le 13\/01\/22<\/strong><\/figcaption><\/figure><\/div>\n\n\n\n<p>&#8212;&#8212;&#8212;&#8212;&#8212;&#8212;&#8212;&#8212;&#8212;&#8212;&#8212;&#8212;&#8212;&#8212;&#8212;&#8212;&#8212;&#8212;&#8212;&#8212;&#8212;&#8212;&#8212;&#8212;&#8212;&#8212;&#8212;&#8212;&#8212;&#8212;&#8212;&#8212;&#8212;&#8212;&#8212;&#8212;&#8212;&#8212;&#8211;<\/p>\n\n\n\n<p class=\"has-medium-font-size\"><strong>R\u00e9union d&rsquo;information syndicale 40-64<\/strong><\/p>\n\n\n\n<p>Le vendredi 15 octobre 2021 au lyc\u00e9e Haroun Tazieff \u00e0 St-Paul l\u00e8s Dax de 14h \u00e0 16h ou en visioconf\u00e9rence<br><br><a href=\"http:\/\/aeti-unsa-bordeaux.org\/wp-content\/uploads\/2020\/03\/CONVOC-HIS-64-40-30-03-20.jpg\"> <\/a><a href=\"http:\/\/aeti-unsa-bordeaux.org\/wp-content\/uploads\/2021\/09\/CONVOC-HIS-40-64-15-10-21.pdf\">Convocation \u00e0 t\u00e9l\u00e9charger<\/a> <\/p>\n\n\n\n<p>&#8212;&#8212;&#8212;&#8212;&#8212;&#8212;&#8212;&#8212;&#8212;&#8212;&#8212;&#8212;&#8212;&#8212;&#8212;&#8212;&#8212;&#8212;&#8212;&#8212;&#8212;&#8212;&#8212;&#8212;&#8212;&#8212;&#8212;&#8212;&#8212;&#8212;&#8212;&#8212;&#8212;&#8212;&#8212;&#8212;&#8212;&#8212;&#8211;<\/p>\n\n\n\n<p><strong>Commission d\u00e9partementale d&rsquo;action sociale du 23\/09\/2021  <\/strong>:<br>14 dossiers pour 4 200 \u20ac d&rsquo;aides<br>4 enseignants &#8211;  10 AED\/AESH <br>10 agents non titulaires <br><\/p>\n\n\n\n<p>&#8212;&#8212;&#8212;&#8212;&#8212;&#8212;&#8212;&#8212;&#8212;&#8212;&#8212;&#8212;&#8212;&#8212;&#8212;&#8212;&#8212;&#8212;&#8212;&#8212;&#8212;&#8212;&#8212;&#8212;&#8212;&#8212;&#8212;&#8212;&#8212;&#8212;&#8212;&#8212;&#8212;&#8212;&#8212;&#8212;&#8212;&#8212;&#8211;<\/p>\n\n\n\n<p><strong>Commission d\u00e9partementale d&rsquo;action sociale du 01\/07\/2021  <\/strong>:<br>15 dossiers pour  7 200 \u20ac d&rsquo;aides<br>4 enseignants  &#8211;  8 AED\/AESH &#8211; 2 administratifs &#8211; 1 retrait\u00e9<br>10 agents non titulaires <br><\/p>\n\n\n\n<p>&#8212;&#8212;&#8212;&#8212;&#8212;&#8212;&#8212;&#8212;&#8212;&#8212;&#8212;&#8212;&#8212;&#8212;&#8212;&#8212;&#8212;&#8212;&#8212;&#8212;&#8212;&#8212;&#8212;&#8212;&#8212;&#8212;&#8212;&#8212;&#8212;&#8212;&#8212;&#8212;&#8212;&#8212;&#8212;&#8212;&#8212;&#8212;&#8211;<\/p>\n\n\n\n<p><strong>Commission d\u00e9partementale d&rsquo;action sociale du 20\/05\/2021  <\/strong>:<br>25 dossiers pour 12 200 \u20ac d&rsquo;aides<br>11 enseignants  &#8211;  13 AED\/AESH &#8211; 1 administratifs <br>14 agents non titulaires <br><\/p>\n\n\n\n<p>&#8212;&#8212;&#8212;&#8212;&#8212;&#8212;&#8212;&#8212;&#8212;&#8212;&#8212;&#8212;&#8212;&#8212;&#8212;&#8212;&#8212;&#8212;&#8212;&#8212;&#8212;&#8212;&#8212;&#8212;&#8212;&#8212;&#8212;&#8212;&#8212;&#8212;&#8212;&#8212;&#8212;&#8212;&#8212;&#8212;&#8212;&#8212;&#8211;<\/p>\n\n\n\n<p><strong>Commission d\u00e9partementale d&rsquo;action sociale du 14\/01\/2021  <\/strong>:<br>20 dossiers pour 12 450 \u20ac d&rsquo;aides<br>5 enseignants  &#8211;  12 AED\/AESH &#8211; 3 administratifs <br>10 agents non titulaires <br><\/p>\n\n\n\n<p>&#8212;&#8212;&#8212;&#8212;&#8212;&#8212;&#8212;&#8212;&#8212;&#8212;&#8212;&#8212;&#8212;&#8212;&#8212;&#8212;&#8212;&#8212;&#8212;&#8212;&#8212;&#8212;&#8212;&#8212;&#8212;&#8212;&#8212;&#8212;&#8212;&#8212;&#8212;&#8212;&#8212;&#8212;&#8212;&#8212;&#8212;&#8212;&#8211;<\/p>\n\n\n\n<p class=\"has-medium-font-size\"><strong>CHSCTD 64 du 05\/11\/20<\/strong><\/p>\n\n\n\n<p><a href=\"http:\/\/aeti-unsa-bordeaux.org\/wp-content\/uploads\/2020\/11\/declaration_liminaire_chsctd-64_jeudi_5_novembre-2020.pdf\">D\u00e9claration liminaire<\/a><br><a href=\"http:\/\/aeti-unsa-bordeaux.org\/wp-content\/uploads\/2020\/11\/CR-CHSCTD-64-du-jeudi-5-novembre-2020.pdf\">Compte rendu<\/a><\/p>\n\n\n\n<p>&#8212;&#8212;&#8212;&#8212;&#8212;&#8212;&#8212;&#8212;&#8212;&#8212;&#8212;&#8212;&#8212;&#8212;&#8212;&#8212;&#8212;&#8212;&#8212;&#8212;&#8212;&#8212;&#8212;&#8212;&#8212;&#8212;&#8212;&#8212;&#8212;&#8212;&#8212;&#8212;&#8212;&#8212;&#8212;&#8212;&#8212;&#8212;&#8211;<\/p>\n\n\n\n<p><strong>Commission d\u00e9partementale d&rsquo;action sociale du 05\/11\/2020  <\/strong>:<br>19 dossiers pour 10 250 \u20ac d&rsquo;aides<br>5 enseignants &#8211; 3 ATSS &#8211; 10 AED\/AESH &#8211; 1 retrait\u00e9e<br>14 agents non titulaires <br><\/p>\n\n\n\n<p>&#8212;&#8212;&#8212;&#8212;&#8212;&#8212;&#8212;&#8212;&#8212;&#8212;&#8212;&#8212;&#8212;&#8212;&#8212;&#8212;&#8212;&#8212;&#8212;&#8212;&#8212;&#8212;&#8212;&#8212;&#8212;&#8212;&#8212;&#8212;&#8212;&#8212;&#8212;&#8212;&#8212;&#8212;&#8212;&#8212;&#8212;&#8212;&#8211;<\/p>\n\n\n\n<p><strong>Commission d\u00e9partementale d&rsquo;action sociale du 01\/10\/2020  <\/strong>:<br>16 dossiers pour 10 100 \u20ac d&rsquo;aides<br>5 enseignants &#8211; 5 ATSS &#8211; 5 AED\/AESH &#8211; 1 retrait\u00e9e<br>8 agents non titulaires <br><\/p>\n\n\n\n<p>&#8212;&#8212;&#8212;&#8212;&#8212;&#8212;&#8212;&#8212;&#8212;&#8212;&#8212;&#8212;&#8212;&#8212;&#8212;&#8212;&#8212;&#8212;&#8212;&#8212;&#8212;&#8212;&#8212;&#8212;&#8212;&#8212;&#8212;&#8212;&#8212;&#8212;&#8212;&#8212;&#8212;&#8212;&#8212;&#8212;&#8212;&#8212;&#8211;<\/p>\n\n\n\n<p><strong>Commission d\u00e9partementale d&rsquo;action sociale du 18\/06\/2020 (visioconf\u00e9rence) <\/strong>:<br>9 dossiers pour 5 200 \u20ac d&rsquo;aides<br>1 enseignants &#8211; 8 agents non titulaires <br><\/p>\n\n\n\n<p>&#8212;&#8212;&#8212;&#8212;&#8212;&#8212;&#8212;&#8212;&#8212;&#8212;&#8212;&#8212;&#8212;&#8212;&#8212;&#8212;&#8212;&#8212;&#8212;&#8212;&#8212;&#8212;&#8212;&#8212;&#8212;&#8212;&#8212;&#8212;&#8212;&#8212;&#8212;&#8212;&#8212;&#8212;&#8212;&#8212;&#8212;&#8212;&#8211;<\/p>\n\n\n\n<p><strong>Commission d\u00e9partementale d&rsquo;action sociale du 16\/04\/2020 (visioconf\u00e9rence) <\/strong>:<br>23 dossiers pour 12 800 \u20ac d&rsquo;aides<br>4 enseignants &#8211; 17 agents non titulaires &#8211; 1 administratif<br><\/p>\n\n\n\n<p>&#8212;&#8212;&#8212;&#8212;&#8212;&#8212;&#8212;&#8212;&#8212;&#8212;&#8212;&#8212;&#8212;&#8212;&#8212;&#8212;&#8212;&#8212;&#8212;&#8212;&#8212;&#8212;&#8212;&#8212;&#8212;&#8212;&#8212;&#8212;&#8212;&#8212;&#8212;&#8212;&#8212;&#8212;&#8212;&#8212;&#8212;&#8212;&#8211;<\/p>\n\n\n\n<p class=\"has-luminous-vivid-orange-background-color has-background\" style=\"font-size:30px\"><strong>En raison de l&rsquo;\u00e9pid\u00e9mie de COVID 19 la r\u00e9union est report\u00e9e \u00e0 une date ult\u00e9rieure non encore d\u00e9termin\u00e9e.<br>Bon courage \u00e0 tous et prenez soin de vous. <\/strong><\/p>\n\n\n\n<p class=\"has-medium-font-size\"><strong>R\u00e9union d&rsquo;information syndicale 40-64 sp\u00e9ciale mouvement<\/strong><\/p>\n\n\n\n<p>Le lundi 30 mars 2020 au lyc\u00e9e Gaston F\u00e9bus \u00e0 Orthez de 14h \u00e0 16h<br><br><a href=\"http:\/\/aeti-unsa-bordeaux.org\/wp-content\/uploads\/2020\/03\/CONVOC-HIS-64-40-30-03-20.jpg\"> Convocation \u00e0 t\u00e9l\u00e9charger<\/a> <\/p>\n\n\n\n<p>&#8212;&#8212;&#8212;&#8212;&#8212;&#8212;&#8212;&#8212;&#8212;&#8212;&#8212;&#8212;&#8212;&#8212;&#8212;&#8212;&#8212;&#8212;&#8212;&#8212;&#8212;&#8212;&#8212;&#8212;&#8212;&#8212;&#8212;&#8212;&#8212;&#8212;&#8212;&#8212;&#8212;&#8212;&#8212;&#8212;&#8212;&#8212;&#8211;<\/p>\n\n\n\n<p class=\"has-luminous-vivid-orange-background-color has-background\" style=\"font-size:30px\"><strong>En raison de l&rsquo;\u00e9pid\u00e9mie de COVID 19 la visite d&rsquo;\u00e9tablissements est report\u00e9e \u00e0 une date ult\u00e9rieure non encore d\u00e9termin\u00e9e.<br>Bon courage \u00e0 tous et prenez soin de vous. <\/strong><\/p>\n\n\n\n<p><strong>VISITE D&rsquo;ETABLISSEMENTS avec l&rsquo;UNSA-EDUCATION le jeudi 19 mars <\/strong><\/p>\n\n\n\n<p>8h30  : Lyc\u00e9e de Navarre SAINT-JEAN P\u00cfED DE PORT<br>10h00 : Coll\u00e8ge la citadelle   SAINT-JEAN P\u00cfED DE PORT <br>11h00 : Coll\u00e8ge de BAIGORRY<br>13h30 :  Coll\u00e8ge de CAMBO LES BAINS<br>15h  :  Coll\u00e8ge d&rsquo;HASPARREN <\/p>\n\n\n\n<p>&#8212;&#8212;&#8212;&#8212;&#8212;&#8212;&#8212;&#8212;&#8212;&#8212;&#8212;&#8212;&#8212;&#8212;&#8212;&#8212;&#8212;&#8212;&#8212;&#8212;&#8212;&#8212;&#8212;&#8212;&#8212;&#8212;&#8212;&#8212;&#8212;&#8212;&#8212;&#8212;&#8212;&#8212;&#8212;&#8212;&#8212;&#8212;&#8211;<\/p>\n\n\n\n<p><strong>R\u00e9union d&rsquo;information syndicale UNSA-EDUCATION<\/strong><br><strong>sp\u00e9ciale Conditions de Travail<\/strong><br><strong>le jeudi 12 mars 2020<\/strong><br>de 14h \u00e0 16h 12 rue Ren\u00e9 Fournets \u00e0 Pau<\/p>\n\n\n\n<p><a href=\"http:\/\/aeti-unsa-bordeaux.org\/wp-content\/uploads\/2020\/02\/Demande-participation-r-i-s-12-03-20.pdf\">Convocation \u00e0 t\u00e9l\u00e9charger<\/a><\/p>\n\n\n\n<p><a href=\"http:\/\/aeti-unsa-bordeaux.org\/wp-content\/uploads\/2020\/02\/Affiche-RIS-12-03-20.jpg\">Affiche \u00e0 t\u00e9l\u00e9charger<\/a><\/p>\n\n\n\n<p>&#8212;&#8212;&#8212;&#8212;&#8212;&#8212;&#8212;&#8212;&#8212;&#8212;&#8212;&#8212;&#8212;&#8212;&#8212;&#8212;&#8212;&#8212;&#8212;&#8212;&#8212;&#8212;&#8212;&#8212;&#8212;&#8212;&#8212;&#8212;&#8212;&#8212;&#8212;&#8212;&#8212;&#8212;&#8212;&#8212;&#8212;&#8212;&#8211;<\/p>\n\n\n\n<p><strong>VISITE D&rsquo;ETABLISSEMENTS avec l&rsquo;UNSA-EDUCATION le jeudi 23 janvier <\/strong><br><br>8h \u2013 9h : Cit\u00e9 scolaire Ravel ST JEAN DE LUZ<br>9h30 \u2013 10h30 : Coll\u00e8ge Irandatz  HENDAYE<br>11h20 \u2013 12h15 : Lyc\u00e9e Aizpurdi HENDAYE<br>13h30 \u2013 14h30 : Ramiro  Arrue ST JEAN DE LUZ<br>15h \u2013 16 h : Chantaco : StT JEAN DE LUZ<br><\/p>\n\n\n\n<p>&#8212;&#8212;&#8212;&#8212;&#8212;&#8212;&#8212;&#8212;&#8212;&#8212;&#8212;&#8212;&#8212;&#8212;&#8212;&#8212;&#8212;&#8212;&#8212;&#8212;&#8212;&#8212;&#8212;&#8212;&#8212;&#8212;&#8212;&#8212;&#8212;&#8212;&#8212;&#8212;&#8212;&#8212;&#8212;&#8212;&#8212;&#8212;&#8211;<\/p>\n\n\n\n<p><strong>Commission d\u00e9partementale d&rsquo;action sociale du 16\/01\/2020 <\/strong>:<br>20 dossiers pour 10 100 \u20ac d&rsquo;aides<br>6 enseignants &#8211; 13 agents non titulaires &#8211; 1 retrait\u00e9s<br><\/p>\n\n\n\n<p>&#8212;&#8212;&#8212;&#8212;&#8212;&#8212;&#8212;&#8212;&#8212;&#8212;&#8212;&#8212;&#8212;&#8212;&#8212;&#8212;&#8212;&#8212;&#8212;&#8212;&#8212;&#8212;&#8212;&#8212;&#8212;&#8212;&#8212;&#8212;&#8212;&#8212;&#8212;&#8212;&#8212;&#8212;&#8212;&#8212;&#8212;&#8212;&#8211;<\/p>\n\n\n\n<p><strong>Audience UNSA-EDUCATION le 17 d\u00e9cembre avec Mme  LIPSOS-SALLENAVE,  vice-pr\u00e9sidente du Conseil d\u00e9partemental des Pyr\u00e9n\u00e9es Atlantiques.<\/strong><br><a href=\"http:\/\/aeti-unsa-bordeaux.org\/wp-content\/uploads\/2019\/12\/Compte-rendu-audience-CD-64-17-12-19.pdf\">Compte rendu<\/a><\/p>\n\n\n\n<p>&#8212;&#8212;&#8212;&#8212;&#8212;&#8212;&#8212;&#8212;&#8212;&#8212;&#8212;&#8212;&#8212;&#8212;&#8212;&#8212;&#8212;&#8212;&#8212;&#8212;&#8212;&#8212;&#8212;&#8212;&#8212;&#8212;&#8212;&#8212;&#8212;&#8212;&#8212;&#8212;&#8212;&#8212;&#8212;&#8212;&#8212;&#8212;&#8211;<\/p>\n\n\n\n<p> <strong>Gr\u00e8ve du 17 d\u00e9cembre  &#8211; D\u00e9part des cort\u00e8ges<\/strong><br><br>&#8211;  \u00e0 10h30 de la Place Ste Ursule \u00e0 Bayonne<br>&#8211;  \u00e0 10h30 de la Place de Verdun \u00e0 Pau<br><\/p>\n\n\n\n<p>&#8212;&#8212;&#8212;&#8212;&#8212;&#8212;&#8212;&#8212;&#8212;&#8212;&#8212;&#8212;&#8212;&#8212;&#8212;&#8212;&#8212;&#8212;&#8212;&#8212;&#8212;&#8212;&#8212;&#8212;&#8212;&#8212;&#8212;&#8212;&#8212;&#8212;&#8212;&#8212;&#8212;&#8212;&#8212;&#8212;&#8212;&#8212;&#8211;<\/p>\n\n\n\n<figure class=\"wp-block-image\"><img loading=\"lazy\" width=\"1024\" height=\"768\" src=\"http:\/\/aeti-unsa-bordeaux.org\/wp-content\/uploads\/2019\/12\/manifestation-\u00e0-Pau-le-5-d\u00e9c-2019-2-1024x768.jpg\" alt=\"\" class=\"wp-image-500\" srcset=\"https:\/\/aeti-unsa-bordeaux.org\/wp-content\/uploads\/2019\/12\/manifestation-\u00e0-Pau-le-5-d\u00e9c-2019-2-1024x768.jpg 1024w, https:\/\/aeti-unsa-bordeaux.org\/wp-content\/uploads\/2019\/12\/manifestation-\u00e0-Pau-le-5-d\u00e9c-2019-2-300x225.jpg 300w, https:\/\/aeti-unsa-bordeaux.org\/wp-content\/uploads\/2019\/12\/manifestation-\u00e0-Pau-le-5-d\u00e9c-2019-2-768x576.jpg 768w, https:\/\/aeti-unsa-bordeaux.org\/wp-content\/uploads\/2019\/12\/manifestation-\u00e0-Pau-le-5-d\u00e9c-2019-2-600x450.jpg 600w, https:\/\/aeti-unsa-bordeaux.org\/wp-content\/uploads\/2019\/12\/manifestation-\u00e0-Pau-le-5-d\u00e9c-2019-2.jpg 1080w\" sizes=\"(max-width: 1024px) 100vw, 1024px\" \/><figcaption>UNSA&#8230;<br>Toujours l\u00e0&#8230;<\/figcaption><\/figure>\n\n\n\n<div class=\"wp-block-image\"><figure class=\"aligncenter\"><img loading=\"lazy\" width=\"768\" height=\"1024\" src=\"http:\/\/aeti-unsa-bordeaux.org\/wp-content\/uploads\/2019\/12\/Manifestation-\u00e0-Pau-le-5-dec-2019-768x1024.jpg\" alt=\"\" class=\"wp-image-501\" srcset=\"https:\/\/aeti-unsa-bordeaux.org\/wp-content\/uploads\/2019\/12\/Manifestation-\u00e0-Pau-le-5-dec-2019-768x1024.jpg 768w, https:\/\/aeti-unsa-bordeaux.org\/wp-content\/uploads\/2019\/12\/Manifestation-\u00e0-Pau-le-5-dec-2019-225x300.jpg 225w, https:\/\/aeti-unsa-bordeaux.org\/wp-content\/uploads\/2019\/12\/Manifestation-\u00e0-Pau-le-5-dec-2019-600x800.jpg 600w, https:\/\/aeti-unsa-bordeaux.org\/wp-content\/uploads\/2019\/12\/Manifestation-\u00e0-Pau-le-5-dec-2019.jpg 810w\" sizes=\"(max-width: 768px) 100vw, 768px\" \/><figcaption>10 000 manifestants \u00e0 Pau&#8230;<br>Dont vos serviteurs..<\/figcaption><\/figure><\/div>\n\n\n\n<p> <strong>Gr\u00e8ve du 5 d\u00e9cembre  &#8211; D\u00e9part des cort\u00e8ges<\/strong><br><br>&#8211;  \u00e0 10h30 de la Place Ste Ursule \u00e0 Bayonne<br>&#8211;  \u00e0 10h30 de la Place de Verdun \u00e0 Pau<br><br><strong><a href=\"https:\/\/www.aeti-unsa.org\/reforme-des-retraites-les-gens-ne-sont-pas-des-moyennes\/\">POURQUOI SE MOBILISER ?<\/a><\/strong><\/p>\n\n\n\n<p>&#8212;&#8212;&#8212;&#8212;&#8212;&#8212;&#8212;&#8212;&#8212;&#8212;&#8212;&#8212;&#8212;&#8212;&#8212;&#8212;&#8212;&#8212;&#8212;&#8212;&#8212;&#8212;&#8212;&#8212;&#8212;&#8212;&#8212;&#8212;&#8212;&#8212;&#8212;&#8212;&#8212;&#8212;&#8212;&#8212;&#8212;&#8212;&#8211;<\/p>\n\n\n\n<p><strong>VISITE D&rsquo;ETABLISSEMENTS avec l&rsquo;UNSA-EDUCATION le Vendredi 22 novembre<\/strong><br>Coll\u00e8ge de Serres Castet :  8h15 \u00e0 10h<br>Coll\u00e8ge de  Lembeye : 10h15 \u00e0 12h15 <br>Coll\u00e8ge de  Garlin  : 13h30 \u00e0 15h00 <br>Coll\u00e8ge d&rsquo;Arzacq  : 15h30 \u00e0 17h<br><\/p>\n\n\n\n<p>&#8212;&#8212;&#8212;&#8212;&#8212;&#8212;&#8212;&#8212;&#8212;&#8212;&#8212;&#8212;&#8212;&#8212;&#8212;&#8212;&#8212;&#8212;&#8212;&#8212;&#8212;&#8212;&#8212;&#8212;&#8212;&#8212;&#8212;&#8212;&#8212;&#8212;&#8212;&#8212;&#8212;&#8212;&#8212;&#8212;&#8212;&#8212;&#8211;<\/p>\n\n\n\n<p><strong>Heure d&rsquo;information syndicale 40-64 le jeudi 14 novembre au lyc\u00e9e de Tyrosse<\/strong><br><a href=\"http:\/\/aeti-unsa-bordeaux.org\/wp-content\/uploads\/2019\/11\/PP-re%CC%81union-syndicale-14-novembre-19-Tyrosse.pdf\">Support diffus\u00e9 pendant la r\u00e9union<\/a> <br>En pr\u00e9sence de 21 coll\u00e8gues &#8211; 1 contractuelle &#8211; 6 A &#8211; 5 B &#8211; 8 C &#8211; 1 retrait\u00e9e <br><br><a href=\"http:\/\/aeti-unsa-bordeaux.org\/wp-content\/uploads\/2019\/10\/CONVOC-HIS-64-40-14-11-19.jpg\">Convocation \u00e0 t\u00e9l\u00e9charger<\/a><br><\/p>\n\n\n\n<p>&#8212;&#8212;&#8212;&#8212;&#8212;&#8212;&#8212;&#8212;&#8212;&#8212;&#8212;&#8212;&#8212;&#8212;&#8212;&#8212;&#8212;&#8212;&#8212;&#8212;&#8212;&#8212;&#8212;&#8212;&#8212;&#8212;&#8212;&#8212;&#8212;&#8212;&#8212;&#8212;&#8212;&#8212;&#8212;&#8212;&#8212;&#8212;&#8211;<\/p>\n\n\n\n<p><strong>VISITE D&rsquo;ETABLISSEMENTS avec l&rsquo;UNSA-EDUCATION le Mardi 12 novembre<\/strong><br>Coll\u00e8ge de Bill\u00e8re :   8h15 \u00e0 10h<br>Coll\u00e8ge Clermont &#8211;  Pau  : 10h15 \u00e0 12h15<br>Lyc\u00e9e St John Perse &#8211; Pau : 13h30 \u00e0 15h00<br>Coll\u00e8ge Jeanne d&rsquo;Albret &#8211; Pau : 15h30 \u00e0 17h<br><\/p>\n\n\n\n<p>&#8212;&#8212;&#8212;&#8212;&#8212;&#8212;&#8212;&#8212;&#8212;&#8212;&#8212;&#8212;&#8212;&#8212;&#8212;&#8212;&#8212;&#8212;&#8212;&#8212;&#8212;&#8212;&#8212;&#8212;&#8212;&#8212;&#8212;&#8212;&#8212;&#8212;&#8212;&#8212;&#8212;&#8212;&#8212;&#8212;&#8212;&#8212;&#8211;<\/p>\n\n\n\n<p><strong>Commission d\u00e9partementale d&rsquo;action sociale du 07\/11\/2019 <\/strong>:<br>12 dossiers pour 7 800 \u20ac d&rsquo;aides<br>1 ATOSS &#8211; 3 enseignants &#8211; 6 agents non titulaires &#8211; 2 retrait\u00e9s<br><\/p>\n\n\n\n<p>&#8212;&#8212;&#8212;&#8212;&#8212;&#8212;&#8212;&#8212;&#8212;&#8212;&#8212;&#8212;&#8212;&#8212;&#8212;&#8212;&#8212;&#8212;&#8212;&#8212;&#8212;&#8212;&#8212;&#8212;&#8212;&#8212;&#8212;&#8212;&#8212;&#8212;&#8212;&#8212;&#8212;&#8212;&#8212;&#8212;&#8212;&#8212;&#8211;<\/p>\n\n\n\n<p><strong>Audience avec M. Fran\u00e7ois-Xavier PESTEL, DASEN 64 le jeudi 17 octobre \u00e0 17h<\/strong><\/p>\n\n\n\n<p>&#8212;&#8212;&#8212;&#8212;&#8212;&#8212;&#8212;&#8212;&#8212;&#8212;&#8212;&#8212;&#8212;&#8212;&#8212;&#8212;&#8212;&#8212;&#8212;&#8212;&#8212;&#8212;&#8212;&#8212;&#8212;&#8212;&#8212;&#8212;&#8212;&#8212;&#8212;&#8212;&#8212;&#8212;&#8212;&#8212;&#8212;&#8212;&#8211;<\/p>\n\n\n\n<p><strong>Commission d\u00e9partementale d&rsquo;action sociale du 03\/10\/2019 <\/strong>:<br>13 dossiers pour 8 400 \u20ac d&rsquo;aides et 1 200 \u20ac de pr\u00eat \u00e0 0 %<br>3 ATOSS &#8211; 3 enseignants &#8211; 7 agents non titulaires<br><\/p>\n\n\n\n<p>&#8212;&#8212;&#8212;&#8212;&#8212;&#8212;&#8212;&#8212;&#8212;&#8212;&#8212;&#8212;&#8212;&#8212;&#8212;&#8212;&#8212;&#8212;&#8212;&#8212;&#8212;&#8212;&#8212;&#8212;&#8212;&#8212;&#8212;&#8212;&#8212;&#8212;&#8212;&#8212;&#8212;&#8212;&#8212;&#8212;&#8212;&#8212;&#8211;<\/p>\n\n\n\n<p><a href=\"http:\/\/aeti-unsa-bordeaux.org\/wp-content\/uploads\/2019\/07\/accueil-64-27-08-2019.pdf\">Accueil des nouveaux personnels le 27\/08\/2019 \u00e0 l&rsquo;UPPA de 9h30 \u00e0 11h00<\/a><\/p>\n\n\n\n<p>&#8212;&#8212;&#8212;&#8212;&#8212;&#8212;&#8212;&#8212;&#8212;&#8212;&#8212;&#8212;&#8212;&#8212;&#8212;&#8212;&#8212;&#8212;&#8212;&#8212;&#8212;&#8212;&#8212;&#8212;&#8212;&#8212;&#8212;&#8212;&#8212;&#8212;&#8212;&#8212;&#8212;&#8212;&#8212;&#8212;&#8212;&#8212;&#8211;<\/p>\n","protected":false},"excerpt":{"rendered":"<p>MOUVEMENT DU 2 OCTOBRE 2025Parcours Pau et Bayonne &#8212;&#8212;&#8212;&#8212;&#8212;&#8212;&#8212;&#8212;&#8212;&#8212;&#8212;&#8212;&#8212;&#8212;&#8212;&#8212;&#8212;&#8212;&#8212;&#8212;&#8212;&#8212;&#8212;&#8212;&#8212;&#8212;&#8212;&#8212;&#8212;&#8212;&#8212;&#8212;&#8212;&#8212;&#8212;&#8212;&#8212;&#8212;&#8211; MOUVEMENT DU 18 SEPTEMBRE 2025 &#8212;&#8212;&#8212;&#8212;&#8212;&#8212;&#8212;&#8212;&#8212;&#8212;&#8212;&#8212;&#8212;&#8212;&#8212;&#8212;&#8212;&#8212;&#8212;&#8212;&#8212;&#8212;&#8212;&#8212;&#8212;&#8212;&#8212;&#8212;&#8212;&#8212;&#8212;&#8212;&#8212;&#8212;&#8212;&#8212;&#8212;&#8212;&#8211; Courrier au Rectorat du 11\/07\/24 sur les modalit\u00e9s de recrutement des secr\u00e9taires g\u00e9n\u00e9raux agents comptables &#8212;&#8212;&#8212;&#8212;&#8212;&#8212;&#8212;&#8212;&#8212;&#8212;&#8212;&#8212;&#8212;&#8212;&#8212;&#8212;&#8212;&#8212;&#8212;&#8212;&#8212;&#8212;&#8212;&#8212;&#8212;&#8212;&#8212;&#8212;&#8212;&#8212;&#8212;&#8212;&#8212;&#8212;&#8212;&#8212;&#8212;&#8212;&#8211; Commission d\u00e9partementale d&rsquo;action sociale du 19\/10\/2023 :31 dossiers pour 22 750 \u20ac d&rsquo;aides4 personnels de l&rsquo;enseignement priv\u00e9 19 AED\/AESH 3 agents titulaires 3 agents [&hellip;]<\/p>\n","protected":false},"author":1,"featured_media":0,"parent":239,"menu_order":1,"comment_status":"closed","ping_status":"closed","template":"","meta":{"spay_email":""},"_links":{"self":[{"href":"https:\/\/aeti-unsa-bordeaux.org\/index.php?rest_route=\/wp\/v2\/pages\/242"}],"collection":[{"href":"https:\/\/aeti-unsa-bordeaux.org\/index.php?rest_route=\/wp\/v2\/pages"}],"about":[{"href":"https:\/\/aeti-unsa-bordeaux.org\/index.php?rest_route=\/wp\/v2\/types\/page"}],"author":[{"embeddable":true,"href":"https:\/\/aeti-unsa-bordeaux.org\/index.php?rest_route=\/wp\/v2\/users\/1"}],"replies":[{"embeddable":true,"href":"https:\/\/aeti-unsa-bordeaux.org\/index.php?rest_route=%2Fwp%2Fv2%2Fcomments&post=242"}],"version-history":[{"count":56,"href":"https:\/\/aeti-unsa-bordeaux.org\/index.php?rest_route=\/wp\/v2\/pages\/242\/revisions"}],"predecessor-version":[{"id":1856,"href":"https:\/\/aeti-unsa-bordeaux.org\/index.php?rest_route=\/wp\/v2\/pages\/242\/revisions\/1856"}],"up":[{"embeddable":true,"href":"https:\/\/aeti-unsa-bordeaux.org\/index.php?rest_route=\/wp\/v2\/pages\/239"}],"wp:attachment":[{"href":"https:\/\/aeti-unsa-bordeaux.org\/index.php?rest_route=%2Fwp%2Fv2%2Fmedia&parent=242"}],"curies":[{"name":"wp","href":"https:\/\/api.w.org\/{rel}","templated":true}]}}