{"id":290,"date":"2019-07-21T08:44:59","date_gmt":"2019-07-21T06:44:59","guid":{"rendered":"http:\/\/aeti-unsa-bordeaux.org\/?page_id=290"},"modified":"2025-09-19T11:42:42","modified_gmt":"2025-09-19T09:42:42","slug":"lactu-40","status":"publish","type":"page","link":"https:\/\/aeti-unsa-bordeaux.org\/?page_id=290","title":{"rendered":"L&rsquo;actu 40"},"content":{"rendered":"\n<p class=\"has-large-font-size\">MOUVEMENT DU 18 SEPTEMBRE<\/p>\n\n\n\n<figure class=\"wp-block-image size-large\"><img src=\"http:\/\/aeti-unsa-bordeaux.org\/wp-content\/uploads\/2025\/09\/Manifestation-18-9-Landes-2.jpg\" alt=\"\"\/><\/figure>\n\n\n\n<figure class=\"wp-block-image size-large\"><img src=\"http:\/\/aeti-unsa-bordeaux.org\/wp-content\/uploads\/2025\/09\/Manifestation-18-9-Landes.jpg\" alt=\"\"\/><\/figure>\n\n\n\n<p>&#8212;&#8212;&#8212;&#8212;&#8212;&#8212;&#8212;&#8212;&#8212;&#8212;&#8212;&#8212;&#8212;&#8212;&#8212;&#8212;&#8212;&#8212;&#8212;&#8212;&#8212;&#8212;&#8212;&#8212;&#8212;&#8212;&#8212;&#8212;&#8212;&#8212;&#8212;&#8212;&#8212;&#8212;&#8212;&#8212;&#8212;&#8212;&#8211;<\/p>\n\n\n\n<p class=\"has-large-font-size\"><strong>ACCUEIL DES NOUVEAUX PERSONNELS LE 28\/08\/25<\/strong><br><img loading=\"lazy\" width=\"960\" height=\"720\" class=\"wp-image-1827\" style=\"width: 1200px;\" src=\"http:\/\/aeti-unsa-bordeaux.org\/wp-content\/uploads\/2025\/08\/Accueil-nx-personnels-2025-40.jpg\" alt=\"\" srcset=\"https:\/\/aeti-unsa-bordeaux.org\/wp-content\/uploads\/2025\/08\/Accueil-nx-personnels-2025-40.jpg 960w, https:\/\/aeti-unsa-bordeaux.org\/wp-content\/uploads\/2025\/08\/Accueil-nx-personnels-2025-40-300x225.jpg 300w, https:\/\/aeti-unsa-bordeaux.org\/wp-content\/uploads\/2025\/08\/Accueil-nx-personnels-2025-40-768x576.jpg 768w, https:\/\/aeti-unsa-bordeaux.org\/wp-content\/uploads\/2025\/08\/Accueil-nx-personnels-2025-40-600x450.jpg 600w\" sizes=\"(max-width: 960px) 100vw, 960px\" \/><\/p>\n\n\n\n<p>&#8212;&#8212;&#8212;&#8212;&#8212;&#8212;&#8212;&#8212;&#8212;&#8212;&#8212;&#8212;&#8212;&#8212;&#8212;&#8212;&#8212;&#8212;&#8212;&#8212;&#8212;&#8212;&#8212;&#8212;&#8212;&#8212;&#8212;&#8212;&#8212;&#8212;&#8212;&#8212;&#8212;&#8212;&#8212;&#8212;&#8212;&#8212;&#8211;<\/p>\n\n\n\n<p class=\"has-large-font-size\"><strong>ACCUEIL DES NOUVEAUX PERSONNELS LE 30\/08\/22<\/strong><\/p>\n\n\n\n<figure class=\"wp-block-image size-large\"><img src=\"http:\/\/aeti-unsa-bordeaux.org\/wp-content\/uploads\/2022\/08\/accueil-nouveaux-40-30-8-22-scaled.jpg\" alt=\"\"\/><\/figure>\n\n\n\n<p>&#8212;&#8212;&#8212;&#8212;&#8212;&#8212;&#8212;&#8212;&#8212;&#8212;&#8212;&#8212;&#8212;&#8212;&#8212;&#8212;&#8212;&#8212;&#8212;&#8212;&#8212;&#8212;&#8212;&#8212;&#8212;&#8212;&#8212;&#8212;&#8212;&#8212;&#8212;&#8212;&#8212;&#8212;&#8212;&#8212;&#8212;&#8212;&#8211;<\/p>\n\n\n\n<p class=\"has-medium-font-size\"><strong>R\u00e9union d&rsquo;information syndicale 40<\/strong><\/p>\n\n\n\n<p>Le lundi 04\/04\/2022 de 14h \u00e0 16h au Coll\u00e8ge Elisabeth et Robert BADINTER d&rsquo;ANGRESSE  ou en visioconf\u00e9rence<br><br> <a href=\"http:\/\/aeti-unsa-bordeaux.org\/wp-content\/uploads\/2022\/03\/CONVOC-HIS-40-04-04-22.pdf\" target=\"_blank\" rel=\"noreferrer noopener\">Convocation \u00e0 t\u00e9l\u00e9charger<\/a> <\/p>\n\n\n\n<p>&#8212;&#8212;&#8212;&#8212;&#8212;&#8212;&#8212;&#8212;&#8212;&#8212;&#8212;&#8212;&#8212;&#8212;&#8212;&#8212;&#8212;&#8212;&#8212;&#8212;&#8212;&#8212;&#8212;&#8212;&#8212;&#8212;&#8212;&#8212;&#8212;&#8212;&#8212;&#8212;&#8212;&#8212;&#8212;&#8212;&#8212;&#8212;&#8211;<\/p>\n\n\n\n<p class=\"has-luminous-vivid-orange-background-color has-background has-large-font-size\"><strong>Gr\u00e8ve du jeudi 13 janvier<\/strong><\/p>\n\n\n\n<p class=\"has-luminous-vivid-orange-background-color has-background\"><em><strong>Forte de la diversit\u00e9 des m\u00e9tiers qu\u2019elle r\u00e9unit, l\u2019UNSA \u00c9ducation appelle l\u2019ensemble des personnels \u00e0 exprimer le ras-le-bol g\u00e9n\u00e9ralis\u00e9. <\/strong>Et \u00e0 le faire tous ensemble.<\/em> <br><em>Enseignant\u00b7es, \u00e9quipes de vie scolaire, personnels administratifs, de direction et d\u2019inspection, AESH, DDFPT, PsyEN, assistant\u00b7es de service social, m\u00e9decins et infirmier\u00b7es, personnels techniques (ITRF, TEN et ATEE), ATSEM, agents des coll\u00e8ges et des lyc\u00e9es, animateurs et animatrices du p\u00e9riscolaire, <strong>c\u2019est par l\u2019engagement de l\u2019ensemble des personnels, que depuis 2 ans le syst\u00e8me \u00e9ducatif tient le choc et fait face \u00e0 la pand\u00e9mie.<\/strong><\/em><\/p>\n\n\n\n<p class=\"has-luminous-vivid-orange-background-color has-background has-large-font-size\"><strong><span style=\"text-decoration: underline;\">Rassemblements :<\/span><\/strong><br>Mont de Marsan &#8211; DSDEN : 10h<br>Dax &#8211; inspection : 10h<br>Mimizan &#8211; inspection : 10h<\/p>\n\n\n\n<p>&#8212;&#8212;&#8212;&#8212;&#8212;&#8212;&#8212;&#8212;&#8212;&#8212;&#8212;&#8212;&#8212;&#8212;&#8212;&#8212;&#8212;&#8212;&#8212;&#8212;&#8212;&#8212;&#8212;&#8212;&#8212;&#8212;&#8212;&#8212;&#8212;&#8212;&#8212;&#8212;&#8212;&#8212;&#8212;&#8212;&#8212;&#8212;&#8211;<\/p>\n\n\n\n<p><strong>R\u00e9union d&rsquo;information syndicale 40-64 <\/strong><\/p>\n\n\n\n<p>Le Vendredi 15 octobre 2021 au lyc\u00e9e Haroun Tazieff \u00e0 St-Paul l\u00e8s Dax de 14h \u00e0 16h ou en visioconf\u00e9rence<br><br> <a href=\"http:\/\/aeti-unsa-bordeaux.org\/wp-content\/uploads\/2021\/09\/CONVOC-HIS-40-64-15-10-21.pdf\">Convocation \u00e0 t\u00e9l\u00e9charger<\/a> <\/p>\n\n\n\n<p>&#8212;&#8212;&#8212;&#8212;&#8212;&#8212;&#8212;&#8212;&#8212;&#8212;&#8212;&#8212;&#8212;&#8212;&#8212;&#8212;&#8212;&#8212;&#8212;&#8212;&#8212;&#8212;&#8212;&#8212;&#8212;&#8212;&#8212;&#8212;&#8212;&#8212;&#8212;&#8212;&#8212;&#8212;&#8212;&#8212;&#8212;&#8212;&#8211;<\/p>\n\n\n\n<p class=\"has-luminous-vivid-orange-background-color has-background\" style=\"font-size:27px\"><strong>En raison de l&rsquo;\u00e9pid\u00e9mie de COVID 19 la r\u00e9union est report\u00e9e \u00e0 une date ult\u00e9rieure non encore d\u00e9termin\u00e9e.<br>Bon courage \u00e0 tous et prenez soin de vous. <\/strong><\/p>\n\n\n\n<p><strong>R\u00e9union d&rsquo;information syndicale 40-64 sp\u00e9ciale mouvement<\/strong><\/p>\n\n\n\n<p>Le lundi 30 mars 2020 au lyc\u00e9e Gaston F\u00e9bus \u00e0 Orthez de 14h \u00e0 16h<br><br><a href=\"http:\/\/aeti-unsa-bordeaux.org\/wp-content\/uploads\/2020\/03\/CONVOC-HIS-64-40-30-03-20.jpg\"> Convocation \u00e0 t\u00e9l\u00e9charger<\/a> <\/p>\n\n\n\n<p>&#8212;&#8212;&#8212;&#8212;&#8212;&#8212;&#8212;&#8212;&#8212;&#8212;&#8212;&#8212;&#8212;&#8212;&#8212;&#8212;&#8212;&#8212;&#8212;&#8212;&#8212;&#8212;&#8212;&#8212;&#8212;&#8212;&#8212;&#8212;&#8212;&#8212;&#8212;&#8212;&#8212;&#8212;&#8212;&#8212;&#8212;&#8212;&#8211;<\/p>\n\n\n\n<p><strong>Gr\u00e8ve du 5 d\u00e9cembre  &#8211; D\u00e9part du cort\u00e8ge<\/strong><\/p>\n\n\n\n<p>Mont de Marsan :  10h00 &#8211; Gare SNCF  <\/p>\n\n\n\n<p><strong><a href=\"https:\/\/www.aeti-unsa.org\/reforme-des-retraites-les-gens-ne-sont-pas-des-moyennes\/\">POURQUOI SE MOBILISER ?<\/a><\/strong><\/p>\n\n\n\n<p>&#8212;&#8212;&#8212;&#8212;&#8212;&#8212;&#8212;&#8212;&#8212;&#8212;&#8212;&#8212;&#8212;&#8212;&#8212;&#8212;&#8212;&#8212;&#8212;&#8212;&#8212;&#8212;&#8212;&#8212;&#8212;&#8212;&#8212;&#8212;&#8212;&#8212;&#8212;&#8212;&#8212;&#8212;&#8212;&#8212;&#8212;&#8212;&#8211;<\/p>\n\n\n\n<p><strong>Heure d&rsquo;information syndicale 40-64 le jeudi 14 novembre au lyc\u00e9e de Tyrosse<\/strong><\/p>\n\n\n\n<p> <a href=\"http:\/\/aeti-unsa-bordeaux.org\/wp-content\/uploads\/2019\/11\/PP-re%CC%81union-syndicale-14-novembre-19-Tyrosse.pdf\">Support diffus\u00e9 pendant la r\u00e9union<\/a> <br>En pr\u00e9sence de 21 coll\u00e8gues &#8211; 1 contractuelle &#8211; 6 A &#8211; 5 B &#8211; 8 C &#8211; 1 retrait\u00e9e<\/p>\n\n\n\n<p> <br><a href=\"http:\/\/aeti-unsa-bordeaux.org\/wp-content\/uploads\/2019\/10\/CONVOC-HIS-64-40-14-11-19.jpg\">Convocation \u00e0 t\u00e9l\u00e9charger<\/a><\/p>\n\n\n\n<p>&#8212;&#8212;&#8212;&#8212;&#8212;&#8212;&#8212;&#8212;&#8212;&#8212;&#8212;&#8212;&#8212;&#8212;&#8212;&#8212;&#8212;&#8212;&#8212;&#8212;&#8212;&#8212;&#8212;&#8212;&#8212;&#8212;&#8212;&#8212;&#8212;&#8212;&#8212;&#8212;&#8212;&#8212;&#8212;&#8212;&#8212;&#8212;&#8211;<\/p>\n\n\n\n<p><strong>Visite d&rsquo;\u00e9tablissement UNSA-EDUCATION mardi 15 octobre<\/strong> :<br>9h30- 10h30 : coll\u00e8ge de St Sever <br>12h-14h : Coll\u00e8ge d\u2019Hagetmau (d\u00e9jeuner \u00e0 la  cantine) <br>15h-16h : Coll\u00e8ge Mugron  <\/p>\n\n\n\n<p>&#8212;&#8212;&#8212;&#8212;&#8212;&#8212;&#8212;&#8212;&#8212;&#8212;&#8212;&#8212;&#8212;&#8212;&#8212;&#8212;&#8212;&#8212;&#8212;&#8212;&#8212;&#8212;&#8212;&#8212;&#8212;&#8212;&#8212;&#8212;&#8212;&#8212;&#8212;&#8212;&#8212;&#8212;&#8212;&#8212;&#8212;&#8212;&#8211;<\/p>\n\n\n\n<p><strong>Visite d&rsquo;\u00e9tablissement UNSA-EDUCATION mardi 8 octobre<\/strong> :<br>10h30-11h15&nbsp;: coll\u00e8ge de Gabarret<br>11H45-12H45&nbsp;: coll\u00e8ge Roquefort <br><\/p>\n\n\n\n<p>&#8212;&#8212;&#8212;&#8212;&#8212;&#8212;&#8212;&#8212;&#8212;&#8212;&#8212;&#8212;&#8212;&#8212;&#8212;&#8212;&#8212;&#8212;&#8212;&#8212;&#8212;&#8212;&#8212;&#8212;&#8212;&#8212;&#8212;&#8212;&#8212;&#8212;&#8212;&#8212;&#8212;&#8212;&#8212;&#8212;&#8212;&#8212;&#8211;<\/p>\n\n\n\n<p class=\"has-normal-font-size\"><strong>Visite d&rsquo;\u00e9tablissement UNSA-EDUCATION jeudi 5 septembre<\/strong> :<br>11h30-12h30&nbsp;: <strong> <\/strong> Lyc\u00e9e Professionnel Ambroise Croizat TARNOS<br>15h30-16H30&nbsp;:  Coll\u00e8ge de LABENNE <\/p>\n\n\n\n<p>&#8212;&#8212;&#8212;&#8212;&#8212;&#8212;&#8212;&#8212;&#8212;&#8212;&#8212;&#8212;&#8212;&#8212;&#8212;&#8212;&#8212;&#8212;&#8212;&#8212;&#8212;&#8212;&#8212;&#8212;&#8212;&#8212;&#8212;&#8212;&#8212;&#8212;&#8212;&#8212;&#8212;&#8212;&#8212;&#8212;&#8212;&#8212;&#8211;<\/p>\n\n\n\n<p><a href=\"http:\/\/aeti-unsa-bordeaux.org\/wp-content\/uploads\/2019\/07\/accueil-40-29-08-2019.pdf\">Accueil des nouveaux personnels 29\/08\/19<\/a><\/p>\n\n\n\n<figure class=\"wp-block-image\"><img loading=\"lazy\" width=\"1024\" height=\"768\" src=\"http:\/\/aeti-unsa-bordeaux.org\/wp-content\/uploads\/2019\/10\/stand-Accueil-nvx-40-08-2019--1024x768.jpg\" alt=\"\" class=\"wp-image-431\" srcset=\"https:\/\/aeti-unsa-bordeaux.org\/wp-content\/uploads\/2019\/10\/stand-Accueil-nvx-40-08-2019--1024x768.jpg 1024w, https:\/\/aeti-unsa-bordeaux.org\/wp-content\/uploads\/2019\/10\/stand-Accueil-nvx-40-08-2019--300x225.jpg 300w, https:\/\/aeti-unsa-bordeaux.org\/wp-content\/uploads\/2019\/10\/stand-Accueil-nvx-40-08-2019--768x576.jpg 768w, https:\/\/aeti-unsa-bordeaux.org\/wp-content\/uploads\/2019\/10\/stand-Accueil-nvx-40-08-2019--600x450.jpg 600w, https:\/\/aeti-unsa-bordeaux.org\/wp-content\/uploads\/2019\/10\/stand-Accueil-nvx-40-08-2019-.jpg 1280w\" sizes=\"(max-width: 1024px) 100vw, 1024px\" \/><\/figure>\n","protected":false},"excerpt":{"rendered":"<p>MOUVEMENT DU 18 SEPTEMBRE &#8212;&#8212;&#8212;&#8212;&#8212;&#8212;&#8212;&#8212;&#8212;&#8212;&#8212;&#8212;&#8212;&#8212;&#8212;&#8212;&#8212;&#8212;&#8212;&#8212;&#8212;&#8212;&#8212;&#8212;&#8212;&#8212;&#8212;&#8212;&#8212;&#8212;&#8212;&#8212;&#8212;&#8212;&#8212;&#8212;&#8212;&#8212;&#8211; ACCUEIL DES NOUVEAUX PERSONNELS LE 28\/08\/25 &#8212;&#8212;&#8212;&#8212;&#8212;&#8212;&#8212;&#8212;&#8212;&#8212;&#8212;&#8212;&#8212;&#8212;&#8212;&#8212;&#8212;&#8212;&#8212;&#8212;&#8212;&#8212;&#8212;&#8212;&#8212;&#8212;&#8212;&#8212;&#8212;&#8212;&#8212;&#8212;&#8212;&#8212;&#8212;&#8212;&#8212;&#8212;&#8211; ACCUEIL DES NOUVEAUX PERSONNELS LE 30\/08\/22 &#8212;&#8212;&#8212;&#8212;&#8212;&#8212;&#8212;&#8212;&#8212;&#8212;&#8212;&#8212;&#8212;&#8212;&#8212;&#8212;&#8212;&#8212;&#8212;&#8212;&#8212;&#8212;&#8212;&#8212;&#8212;&#8212;&#8212;&#8212;&#8212;&#8212;&#8212;&#8212;&#8212;&#8212;&#8212;&#8212;&#8212;&#8212;&#8211; R\u00e9union d&rsquo;information syndicale 40 Le lundi 04\/04\/2022 de 14h \u00e0 16h au Coll\u00e8ge Elisabeth et Robert BADINTER d&rsquo;ANGRESSE ou en visioconf\u00e9rence Convocation \u00e0 t\u00e9l\u00e9charger &#8212;&#8212;&#8212;&#8212;&#8212;&#8212;&#8212;&#8212;&#8212;&#8212;&#8212;&#8212;&#8212;&#8212;&#8212;&#8212;&#8212;&#8212;&#8212;&#8212;&#8212;&#8212;&#8212;&#8212;&#8212;&#8212;&#8212;&#8212;&#8212;&#8212;&#8212;&#8212;&#8212;&#8212;&#8212;&#8212;&#8212;&#8212;&#8211; Gr\u00e8ve du jeudi 13 janvier Forte de la diversit\u00e9 des m\u00e9tiers [&hellip;]<\/p>\n","protected":false},"author":1,"featured_media":0,"parent":220,"menu_order":1,"comment_status":"closed","ping_status":"closed","template":"","meta":{"spay_email":""},"_links":{"self":[{"href":"https:\/\/aeti-unsa-bordeaux.org\/index.php?rest_route=\/wp\/v2\/pages\/290"}],"collection":[{"href":"https:\/\/aeti-unsa-bordeaux.org\/index.php?rest_route=\/wp\/v2\/pages"}],"about":[{"href":"https:\/\/aeti-unsa-bordeaux.org\/index.php?rest_route=\/wp\/v2\/types\/page"}],"author":[{"embeddable":true,"href":"https:\/\/aeti-unsa-bordeaux.org\/index.php?rest_route=\/wp\/v2\/users\/1"}],"replies":[{"embeddable":true,"href":"https:\/\/aeti-unsa-bordeaux.org\/index.php?rest_route=%2Fwp%2Fv2%2Fcomments&post=290"}],"version-history":[{"count":27,"href":"https:\/\/aeti-unsa-bordeaux.org\/index.php?rest_route=\/wp\/v2\/pages\/290\/revisions"}],"predecessor-version":[{"id":1844,"href":"https:\/\/aeti-unsa-bordeaux.org\/index.php?rest_route=\/wp\/v2\/pages\/290\/revisions\/1844"}],"up":[{"embeddable":true,"href":"https:\/\/aeti-unsa-bordeaux.org\/index.php?rest_route=\/wp\/v2\/pages\/220"}],"wp:attachment":[{"href":"https:\/\/aeti-unsa-bordeaux.org\/index.php?rest_route=%2Fwp%2Fv2%2Fmedia&parent=290"}],"curies":[{"name":"wp","href":"https:\/\/api.w.org\/{rel}","templated":true}]}}